{"id":9326,"date":"2021-06-21T09:13:43","date_gmt":"2021-06-21T07:13:43","guid":{"rendered":"https:\/\/huetearquitectos.com\/nuestro-equipo\/"},"modified":"2025-11-06T20:16:13","modified_gmt":"2025-11-06T18:16:13","slug":"our-team","status":"publish","type":"page","link":"https:\/\/huetearquitectos.com\/en\/our-team\/","title":{"rendered":"Our team"},"content":{"rendered":"<h1>Our team<\/h1>\n<p>\t\t\t\t\t<a href=\"tel:+34952798010\"><br \/>\n\t\t\t\t\t<\/a><br \/>\n\t\t\t\t\t<a href=\"mailto:fernando@huetearquitectos.com\"><br \/>\n\t\t\t\t\t<\/a><\/p>\n<h2>FERNANDO G\u00d3MEZ HUETE<\/h2>\n<p>CEO Architect<\/p>\n<p>\t\t\t\t\t<a href=\"tel:+34952798010\"><br \/>\n\t\t\t\t\t<\/a><br \/>\n\t\t\t\t\t<a href=\"mailto:gustavo@huetearquitectos.com\"><br \/>\n\t\t\t\t\t<\/a><\/p>\n<h2>GUSTAVO G\u00d3MEZ HUETE<\/h2>\n<p>Founder Architect<\/p>\n<p>\t\t\t\t\t<a href=\"mailto:antonio.becerra@huetearquitectos.com\"><br \/>\n\t\t\t\t\t<\/a><\/p>\n<h2>ANTONIO BECERRA<\/h2>\n<p>Associated Senior Architect<\/p>\n<p>\t\t\t\t\t<a href=\"mailto:rafael.troncoso@huetearquitectos.com\"><br \/>\n\t\t\t\t\t<\/a><\/p>\n<h2>RAFAEL CARLOS TRONCOSO<\/h2>\n<p>Associated Senior Architect<\/p>\n<p>\t\t\t\t\t<a href=\"mailto:fernando.lopez@huetearquitectos.com\"><br \/>\n\t\t\t\t\t<\/a><\/p>\n<h2>FERNANDO LOPEZ<\/h2>\n<p>Associated Senior Architect<\/p>\n<p>\t\t\t\t\t<a href=\"mailto:andrea.rodriguez@huetearquitectos.com\"><br \/>\n\t\t\t\t\t<\/a><\/p>\n<h2>ANDREA RODR\u00cdGUEZ<\/h2>\n<p>Architect<\/p>\n<p>\t\t\t\t\t<a href=\"mailto:isabel.martinez@huetearquitectos.com\"><br \/>\n\t\t\t\t\t<\/a><\/p>\n<h2>ISABEL MART\u00cdNEZ<\/h2>\n<p>Architect<\/p>\n<p>\t\t\t\t\t<a href=\"mailto:alejandra.afonso@huetearquitectos.com\"><br \/>\n\t\t\t\t\t<\/a><\/p>\n<h2>ALEJANDRA AFONSO<\/h2>\n<p>Project technician<\/p>\n<p>\t\t\t\t\t<a href=\"mailto:veronica.ceballos@huetearquitectos.com\"><br \/>\n\t\t\t\t\t<\/a><\/p>\n<h2>VER\u00d3NICA CEBALLOS<\/h2>\n<p>Senior Architect<\/p>\n<p>\t\t\t\t\t<a href=\"mailto:jose.rodriguez@huetearquitectos.com\"><br \/>\n\t\t\t\t\t<\/a><\/p>\n<h2>JOS\u00c9 EMILIO RODR\u00cdGUEZ<\/h2>\n<p>Architect<\/p>\n<p>\t\t\t\t\t<a href=\"mailto:mariano.aguila@huetearquitectos.com\"><br \/>\n\t\t\t\t\t<\/a><\/p>\n<h2>MARIANO \u00c1GUILA<\/h2>\n<p>Junior Architect<\/p>\n<p>\t\t\t\t\t<a href=\"mailto:clara.dominguez@huetearquitectos.com\"><br \/>\n\t\t\t\t\t<\/a><\/p>\n<h2>CLARA DOM\u00cdNGUEZ<\/h2>\n<p>CEO Personal Assitant<\/p>\n<p>\t\t\t\t\t<a href=\"mailto:junyi.wang@huetearquitectos.com\"><br \/>\n\t\t\t\t\t<\/a><\/p>\n<h2>CRISTINA R\u00cdSQUEZ<\/h2>\n<p>Architect<\/p>\n<p>\t\t\t\t\t<a href=\"mailto:junyi.wang@huetearquitectos.com\"><br \/>\n\t\t\t\t\t<\/a><\/p>\n<h2>JUNYI WANG<\/h2>\n<p>Architect<\/p>\n<h2>ISADORA DO PINHO<\/h2>\n<p>CEO Personal Assitant<\/p>\n<p>\t\t\t\t\t<a href=\"mailto:mariano.aguila@huetearquitectos.com\"><br \/>\n\t\t\t\t\t<\/a><\/p>\n<h2>JOS\u00c9 ANTONIO BUENO<\/h2>\n<p>Junior Architect<\/p>\n<p>\t\t\t\t\t<a href=\"mailto:susana.grandas@huetearquitectos.com\"><br \/>\n\t\t\t\t\t<\/a><\/p>\n<h2>FEDERICO CURTI<\/h2>\n<p>Architect<\/p>\n<p>\t\t\t\t\t<a href=\"mailto:susana.grandas@huetearquitectos.com\"><br \/>\n\t\t\t\t\t<\/a><\/p>\n<h2>LORENA GIURGIU<\/h2>\n<p>Architect<\/p>\n<p>\t\t\t\t\t<a href=\"mailto:susana.grandas@huetearquitectos.com\"><br \/>\n\t\t\t\t\t<\/a><\/p>\n<h2>PABLO ZARCO<\/h2>\n<p>Architect<\/p>\n<p>\t\t\t\t\t<a href=\"mailto:susana.grandas@huetearquitectos.com\"><br \/>\n\t\t\t\t\t<\/a><\/p>\n<h2>ANTONIO ROND\u00c1N<\/h2>\n<p>Architect<\/p>\n<p>\t\t\t\t\t<a href=\"mailto:administracion@huetearquitectos.com\"><br \/>\n\t\t\t\t\t<\/a><\/p>\n<h2>VICTORIA V\u00c1ZQUEZ <\/h2>\n<p>Administration<\/p>\n<p>\t\t\t\t\t<a href=\"mailto:administracion@huetearquitectos.com\"><br \/>\n\t\t\t\t\t<\/a><\/p>\n<h2>VICTORIA V\u00c1ZQUEZ <\/h2>\n<p>Administration<\/p>\n<p>\t\t\t\t\tFollow us<br \/>\n\t\t\t<a href=\"#\" target=\"_blank\" rel=\"nofollow\"><br \/>\n\t\t\t\t\t\t<\/a><br \/>\n\t\t\t<a href=\"https:\/\/www.facebook.com\/HUETEARQUITECTOS\" target=\"_blank\" rel=\"nofollow\"><br \/>\n\t\t\t\t\t\t<\/a><br \/>\n\t\t\t<a href=\"https:\/\/www.instagram.com\/huete_arquitectos\/?hl=es\" target=\"_blank\" rel=\"nofollow\"><br \/>\n\t\t\t\t\t\t<\/a><br \/>\n\t\t\t<a href=\"https:\/\/es.linkedin.com\/company\/huetearquitectos\" target=\"_blank\" rel=\"nofollow\"><br \/>\n\t\t\t\t\t\t<\/a><br \/>\n\t\t\t<a href=\"#\" target=\"_blank\" rel=\"nofollow\"><br \/>\n\t\t\t\t\t\t<\/a><\/p>\n","protected":false},"excerpt":{"rendered":"<p>Our team FERNANDO G\u00d3MEZ HUETE CEO Architect GUSTAVO G\u00d3MEZ HUETE Founder Architect ANTONIO BECERRA Associated Senior Architect RAFAEL CARLOS TRONCOSO Associated Senior Architect FERNANDO LOPEZ Associated Senior Architect ANDREA RODR\u00cdGUEZ Architect ISABEL MART\u00cdNEZ Architect ALEJANDRA AFONSO Project technician VER\u00d3NICA CEBALLOS Senior Architect JOS\u00c9 EMILIO RODR\u00cdGUEZ Architect MARIANO \u00c1GUILA Junior Architect CLARA DOM\u00cdNGUEZ CEO Personal Assitant&hellip;<\/p>\n","protected":false},"author":2,"featured_media":0,"parent":0,"menu_order":0,"comment_status":"closed","ping_status":"closed","template":"elementor_theme","meta":{"_acf_changed":false,"footnotes":""},"class_list":{"2":"type-page","4":"hentry"},"acf":[],"yoast_head":"<!-- This site is optimized with the Yoast SEO plugin v27.4 - https:\/\/yoast.com\/product\/yoast-seo-wordpress\/ -->\n<title>Our team - Huete Arquitectos<\/title>\n<meta name=\"description\" content=\"Grupo multidisciplinar de arquitectos, proyectistas, ingenieros y urbanistas, expertos en todo tipo de proyectos de edificaci\u00f3n y urbanismo.\" \/>\n<meta name=\"robots\" content=\"index, follow, max-snippet:-1, max-image-preview:large, max-video-preview:-1\" \/>\n<link rel=\"canonical\" href=\"https:\/\/huetearquitectos.com\/en\/our-team\/\" \/>\n<meta property=\"og:locale\" content=\"en_US\" \/>\n<meta property=\"og:type\" content=\"article\" \/>\n<meta property=\"og:title\" content=\"Our team - Huete Arquitectos\" \/>\n<meta property=\"og:description\" content=\"Grupo multidisciplinar de arquitectos, proyectistas, ingenieros y urbanistas, expertos en todo tipo de proyectos de edificaci\u00f3n y urbanismo.\" \/>\n<meta property=\"og:url\" content=\"https:\/\/huetearquitectos.com\/en\/our-team\/\" \/>\n<meta property=\"og:site_name\" content=\"Huete Arquitectos\" \/>\n<meta property=\"article:modified_time\" content=\"2025-11-06T18:16:13+00:00\" \/>\n<meta name=\"twitter:card\" content=\"summary_large_image\" \/>\n<meta name=\"twitter:label1\" content=\"Est. reading time\" \/>\n\t<meta name=\"twitter:data1\" content=\"1 minute\" \/>\n<script type=\"application\/ld+json\" class=\"yoast-schema-graph\">{\"@context\":\"https:\\\/\\\/schema.org\",\"@graph\":[{\"@type\":\"WebPage\",\"@id\":\"https:\\\/\\\/huetearquitectos.com\\\/en\\\/our-team\\\/\",\"url\":\"https:\\\/\\\/huetearquitectos.com\\\/en\\\/our-team\\\/\",\"name\":\"Our team - Huete Arquitectos\",\"isPartOf\":{\"@id\":\"https:\\\/\\\/huetearquitectos.com\\\/en\\\/#website\"},\"datePublished\":\"2021-06-21T07:13:43+00:00\",\"dateModified\":\"2025-11-06T18:16:13+00:00\",\"description\":\"Grupo multidisciplinar de arquitectos, proyectistas, ingenieros y urbanistas, expertos en todo tipo de proyectos de edificaci\u00f3n y urbanismo.\",\"breadcrumb\":{\"@id\":\"https:\\\/\\\/huetearquitectos.com\\\/en\\\/our-team\\\/#breadcrumb\"},\"inLanguage\":\"en-US\",\"potentialAction\":[{\"@type\":\"ReadAction\",\"target\":[\"https:\\\/\\\/huetearquitectos.com\\\/en\\\/our-team\\\/\"]}]},{\"@type\":\"BreadcrumbList\",\"@id\":\"https:\\\/\\\/huetearquitectos.com\\\/en\\\/our-team\\\/#breadcrumb\",\"itemListElement\":[{\"@type\":\"ListItem\",\"position\":1,\"name\":\"Portada\",\"item\":\"https:\\\/\\\/huetearquitectos.com\\\/en\\\/\"},{\"@type\":\"ListItem\",\"position\":2,\"name\":\"Our team\"}]},{\"@type\":\"WebSite\",\"@id\":\"https:\\\/\\\/huetearquitectos.com\\\/en\\\/#website\",\"url\":\"https:\\\/\\\/huetearquitectos.com\\\/en\\\/\",\"name\":\"Huete Arquitectos\",\"description\":\"\",\"publisher\":{\"@id\":\"https:\\\/\\\/huetearquitectos.com\\\/en\\\/#organization\"},\"potentialAction\":[{\"@type\":\"SearchAction\",\"target\":{\"@type\":\"EntryPoint\",\"urlTemplate\":\"https:\\\/\\\/huetearquitectos.com\\\/en\\\/?s={search_term_string}\"},\"query-input\":{\"@type\":\"PropertyValueSpecification\",\"valueRequired\":true,\"valueName\":\"search_term_string\"}}],\"inLanguage\":\"en-US\"},{\"@type\":\"Organization\",\"@id\":\"https:\\\/\\\/huetearquitectos.com\\\/en\\\/#organization\",\"name\":\"Huete Arquitectos\",\"url\":\"https:\\\/\\\/huetearquitectos.com\\\/en\\\/\",\"logo\":{\"@type\":\"ImageObject\",\"inLanguage\":\"en-US\",\"@id\":\"https:\\\/\\\/huetearquitectos.com\\\/en\\\/#\\\/schema\\\/logo\\\/image\\\/\",\"url\":\"https:\\\/\\\/huetearquitectos.com\\\/wp-content\\\/uploads\\\/2021\\\/06\\\/logo-huete-nuevo-definitivo.svg\",\"contentUrl\":\"https:\\\/\\\/huetearquitectos.com\\\/wp-content\\\/uploads\\\/2021\\\/06\\\/logo-huete-nuevo-definitivo.svg\",\"width\":200,\"height\":32,\"caption\":\"Huete Arquitectos\"},\"image\":{\"@id\":\"https:\\\/\\\/huetearquitectos.com\\\/en\\\/#\\\/schema\\\/logo\\\/image\\\/\"}}]}<\/script>\n<!-- \/ Yoast SEO plugin. -->","yoast_head_json":{"title":"Our team - Huete Arquitectos","description":"Grupo multidisciplinar de arquitectos, proyectistas, ingenieros y urbanistas, expertos en todo tipo de proyectos de edificaci\u00f3n y urbanismo.","robots":{"index":"index","follow":"follow","max-snippet":"max-snippet:-1","max-image-preview":"max-image-preview:large","max-video-preview":"max-video-preview:-1"},"canonical":"https:\/\/huetearquitectos.com\/en\/our-team\/","og_locale":"en_US","og_type":"article","og_title":"Our team - Huete Arquitectos","og_description":"Grupo multidisciplinar de arquitectos, proyectistas, ingenieros y urbanistas, expertos en todo tipo de proyectos de edificaci\u00f3n y urbanismo.","og_url":"https:\/\/huetearquitectos.com\/en\/our-team\/","og_site_name":"Huete Arquitectos","article_modified_time":"2025-11-06T18:16:13+00:00","twitter_card":"summary_large_image","twitter_misc":{"Est. reading time":"1 minute"},"schema":{"@context":"https:\/\/schema.org","@graph":[{"@type":"WebPage","@id":"https:\/\/huetearquitectos.com\/en\/our-team\/","url":"https:\/\/huetearquitectos.com\/en\/our-team\/","name":"Our team - Huete Arquitectos","isPartOf":{"@id":"https:\/\/huetearquitectos.com\/en\/#website"},"datePublished":"2021-06-21T07:13:43+00:00","dateModified":"2025-11-06T18:16:13+00:00","description":"Grupo multidisciplinar de arquitectos, proyectistas, ingenieros y urbanistas, expertos en todo tipo de proyectos de edificaci\u00f3n y urbanismo.","breadcrumb":{"@id":"https:\/\/huetearquitectos.com\/en\/our-team\/#breadcrumb"},"inLanguage":"en-US","potentialAction":[{"@type":"ReadAction","target":["https:\/\/huetearquitectos.com\/en\/our-team\/"]}]},{"@type":"BreadcrumbList","@id":"https:\/\/huetearquitectos.com\/en\/our-team\/#breadcrumb","itemListElement":[{"@type":"ListItem","position":1,"name":"Portada","item":"https:\/\/huetearquitectos.com\/en\/"},{"@type":"ListItem","position":2,"name":"Our team"}]},{"@type":"WebSite","@id":"https:\/\/huetearquitectos.com\/en\/#website","url":"https:\/\/huetearquitectos.com\/en\/","name":"Huete Arquitectos","description":"","publisher":{"@id":"https:\/\/huetearquitectos.com\/en\/#organization"},"potentialAction":[{"@type":"SearchAction","target":{"@type":"EntryPoint","urlTemplate":"https:\/\/huetearquitectos.com\/en\/?s={search_term_string}"},"query-input":{"@type":"PropertyValueSpecification","valueRequired":true,"valueName":"search_term_string"}}],"inLanguage":"en-US"},{"@type":"Organization","@id":"https:\/\/huetearquitectos.com\/en\/#organization","name":"Huete Arquitectos","url":"https:\/\/huetearquitectos.com\/en\/","logo":{"@type":"ImageObject","inLanguage":"en-US","@id":"https:\/\/huetearquitectos.com\/en\/#\/schema\/logo\/image\/","url":"https:\/\/huetearquitectos.com\/wp-content\/uploads\/2021\/06\/logo-huete-nuevo-definitivo.svg","contentUrl":"https:\/\/huetearquitectos.com\/wp-content\/uploads\/2021\/06\/logo-huete-nuevo-definitivo.svg","width":200,"height":32,"caption":"Huete Arquitectos"},"image":{"@id":"https:\/\/huetearquitectos.com\/en\/#\/schema\/logo\/image\/"}}]}},"_links":{"self":[{"href":"https:\/\/huetearquitectos.com\/en\/wp-json\/wp\/v2\/pages\/9326","targetHints":{"allow":["GET"]}}],"collection":[{"href":"https:\/\/huetearquitectos.com\/en\/wp-json\/wp\/v2\/pages"}],"about":[{"href":"https:\/\/huetearquitectos.com\/en\/wp-json\/wp\/v2\/types\/page"}],"author":[{"embeddable":true,"href":"https:\/\/huetearquitectos.com\/en\/wp-json\/wp\/v2\/users\/2"}],"replies":[{"embeddable":true,"href":"https:\/\/huetearquitectos.com\/en\/wp-json\/wp\/v2\/comments?post=9326"}],"version-history":[{"count":5,"href":"https:\/\/huetearquitectos.com\/en\/wp-json\/wp\/v2\/pages\/9326\/revisions"}],"predecessor-version":[{"id":11277,"href":"https:\/\/huetearquitectos.com\/en\/wp-json\/wp\/v2\/pages\/9326\/revisions\/11277"}],"wp:attachment":[{"href":"https:\/\/huetearquitectos.com\/en\/wp-json\/wp\/v2\/media?parent=9326"}],"curies":[{"name":"wp","href":"https:\/\/api.w.org\/{rel}","templated":true}]}}